{"id":4248,"date":"2023-09-08T13:34:03","date_gmt":"2023-09-08T11:34:03","guid":{"rendered":"https:\/\/pscherer-online.de\/wp\/?page_id=4248"},"modified":"2023-09-08T13:48:33","modified_gmt":"2023-09-08T11:48:33","slug":"angebote-fuer-schulen-und-schueler-inklusionsassisteninnen","status":"publish","type":"page","link":"https:\/\/pscherer-online.de\/wp\/?page_id=4248","title":{"rendered":"Angebote f\u00fcr Schulen und Sch\u00fcler &#8211; INKLUSIONSASSISTEN|INNEN"},"content":{"rendered":"\n<h2 class=\"wp-block-heading\">Inklusionsassistenten|innen<\/h2>\n\n\n\n<div class=\"wp-block-columns is-layout-flex wp-container-core-columns-is-layout-9d6595d7 wp-block-columns-is-layout-flex\">\n<div class=\"wp-block-column is-layout-flow wp-block-column-is-layout-flow\">\n<p>Inklusionsassistenten (IA) begleiten Sch\u00fclerinnen und Sch\u00fcler mit sonderp\u00e4dagogischem<br>F\u00f6rderbedarf bzw. Behinderung sowie Sch\u00fclerinnen und Sch\u00fcler, bei denen der Entstehung eines sonderp\u00e4dagogischen F\u00f6rderbedarfs pr\u00e4ventiv begegnet wird.<\/p>\n\n\n\n<p>Dabei geh\u00f6ren u. a. folgende Aufgaben zum Portfolio eines IA:<\/p>\n\n\n\n<ul class=\"wp-block-list\">\n<li>Lernbezogene F\u00f6rderung und Unterst\u00fctzung der Teilnehmerinnen (z. B. durch Betreuung bei Gruppenarbeit, Unterst\u00fctzung bei der Bew\u00e4ltigung unterrichtlicher Aufgabenstellungen und Einsatz von Lernmaterialien)<\/li>\n\n\n\n<li>Abstimmung mit Lehrkr\u00e4ften zur Identifikation individueller Entwicklungsm\u00f6glichkeiten<\/li>\n\n\n\n<li>Unterst\u00fctzung der Lehrkraft im Unterricht und beim sozialen Lernen im Klassenverband<\/li>\n\n\n\n<li>Erstellung und Einsatz von Lernmaterialien in Abstimmung mit der jeweiligen Lehrkraft<\/li>\n\n\n\n<li>Einzel- und Kleingruppenarbeit bei Bedarf<\/li>\n\n\n\n<li>Unterst\u00fctzung in Hinblick auf den Erwerb lebenspraktischer und sozialer Kompetenzen<\/li>\n\n\n\n<li>Unterst\u00fctzung der Lehrkr\u00e4fte in der Zusammenarbeit mit Eltern und weiteren Kooperationspartnern<\/li>\n\n\n\n<li>Erstellung von Zuarbeiten f\u00fcr Lehrkr\u00e4fte in Hinblick auf die Erarbeitung von Berichten, Gutachten, Beurteilungen und Zeugnissen<\/li>\n\n\n\n<li>Mitwirkung bei der Erstellung von Entwicklungsberichten und F\u00f6rderpl\u00e4nen<\/li>\n\n\n\n<li>F\u00f6rderung der Entwicklung von Sozialkompetenz an au\u00dferschulischen Lernorten und Erfahrungsr\u00e4umen im Rahmen von Unternehmungen der Klasse<\/li>\n\n\n\n<li>Begleitung von Schulfahrten<\/li>\n\n\n\n<li>Erm\u00f6glichung und Unterst\u00fctzung der sozialen Begegnung und Interaktion von Sch\u00fclerinnen und Sch\u00fclern mit und ohne sonderp\u00e4dagogischen F\u00f6rderbedarf bzw. Behinderung<\/li>\n<\/ul>\n\n\n\n<p class=\"has-medium-font-size\"><strong>Laufzeit<\/strong><\/p>\n\n\n\n<p>01.08.2023 bis 31.07.2025<\/p>\n\n\n\n<p class=\"has-medium-font-size\"><strong>Zielgruppen<\/strong><\/p>\n\n\n\n<p>Sch\u00fclerinnen und Sch\u00fcler sein, die unabh\u00e4ngig von ihrer Staatsangeh\u00f6rigkeit oder ihrem Aufenthaltsstatus eine Schule im Freistaat Sachsen besuchen<\/p>\n\n\n\n<p class=\"has-medium-font-size\"><strong>F\u00f6rderung<\/strong><\/p>\n\n\n\n<figure class=\"wp-block-image size-medium\"><img loading=\"lazy\" decoding=\"async\" width=\"300\" height=\"124\" src=\"https:\/\/pscherer-online.de\/wp\/wp-content\/uploads\/2023\/09\/Foerderung-Inklusionsassistent-300x124.png\" alt=\"\" class=\"wp-image-4252\" srcset=\"https:\/\/pscherer-online.de\/wp\/wp-content\/uploads\/2023\/09\/Foerderung-Inklusionsassistent-300x124.png 300w, https:\/\/pscherer-online.de\/wp\/wp-content\/uploads\/2023\/09\/Foerderung-Inklusionsassistent-768x317.png 768w, https:\/\/pscherer-online.de\/wp\/wp-content\/uploads\/2023\/09\/Foerderung-Inklusionsassistent.png 786w\" sizes=\"auto, (max-width: 300px) 100vw, 300px\" \/><\/figure>\n<\/div>\n\n\n\n<div class=\"wp-block-column is-layout-flow wp-block-column-is-layout-flow\" style=\"flex-basis:5%\"><\/div>\n\n\n\n<div class=\"wp-block-column is-layout-flow wp-block-column-is-layout-flow\" style=\"flex-basis:30%\">\n<figure class=\"wp-block-image is-style-rounded\"><img decoding=\"async\" src=\"http:\/\/pscherer-online.de\/wp\/wp-content\/uploads\/2020\/07\/2519825-213x300.jpg\" alt=\"Dieses Bild hat ein leeres Alt-Attribut. Der Dateiname ist 2519825-213x300.jpg\"\/><\/figure>\n\n\n\n<p class=\"has-medium-font-size\"><strong>Kontakt<\/strong><\/p>\n\n\n\n<p><strong>Lengenfeld<\/strong><br>Reichenbacher Str. 39<br>08485 Lengenfeld<br>Bianca Benkert<br><i class=\"wp-svg-phone phone\"><\/i> 037606 39-130<br><i class=\"wp-svg-envelop envelop\"><\/i> <a href=\"mailto:bb@pscherer-online.de\">bb@pscherer-online.de<\/a><\/p>\n<\/div>\n<\/div>\n\n\n\n<a href=\"javascript:history.back();\"><i class=\"wp-svg-backward-2 backward-2\"><\/i> zur\u00fcck zu den Angeboten<\/a>\n\n\n\n<br><br><p>Bildrechte:<br><a href=\"http:\/\/www.freepik.com\">Designed by Freepik<\/a><\/p>\n","protected":false},"excerpt":{"rendered":"<p>Inklusionsassistenten|innen Inklusionsassistenten (IA) begleiten Sch\u00fclerinnen und Sch\u00fcler mit sonderp\u00e4dagogischemF\u00f6rderbedarf bzw. Behinderung sowie Sch\u00fclerinnen und Sch\u00fcler, bei denen der Entstehung eines sonderp\u00e4dagogischen F\u00f6rderbedarfs pr\u00e4ventiv begegnet wird. Dabei geh\u00f6ren u. a. folgende Aufgaben zum<a class=\"moretag\" href=\"https:\/\/pscherer-online.de\/wp\/?page_id=4248\">mehr anzeigen&#8230;<\/a><\/p>\n","protected":false},"author":1,"featured_media":0,"parent":141,"menu_order":0,"comment_status":"closed","ping_status":"closed","template":"page-sidebar.php","meta":{"footnotes":""},"class_list":["post-4248","page","type-page","status-publish","hentry"],"_links":{"self":[{"href":"https:\/\/pscherer-online.de\/wp\/index.php?rest_route=\/wp\/v2\/pages\/4248","targetHints":{"allow":["GET"]}}],"collection":[{"href":"https:\/\/pscherer-online.de\/wp\/index.php?rest_route=\/wp\/v2\/pages"}],"about":[{"href":"https:\/\/pscherer-online.de\/wp\/index.php?rest_route=\/wp\/v2\/types\/page"}],"author":[{"embeddable":true,"href":"https:\/\/pscherer-online.de\/wp\/index.php?rest_route=\/wp\/v2\/users\/1"}],"replies":[{"embeddable":true,"href":"https:\/\/pscherer-online.de\/wp\/index.php?rest_route=%2Fwp%2Fv2%2Fcomments&post=4248"}],"version-history":[{"count":7,"href":"https:\/\/pscherer-online.de\/wp\/index.php?rest_route=\/wp\/v2\/pages\/4248\/revisions"}],"predecessor-version":[{"id":4256,"href":"https:\/\/pscherer-online.de\/wp\/index.php?rest_route=\/wp\/v2\/pages\/4248\/revisions\/4256"}],"up":[{"embeddable":true,"href":"https:\/\/pscherer-online.de\/wp\/index.php?rest_route=\/wp\/v2\/pages\/141"}],"wp:attachment":[{"href":"https:\/\/pscherer-online.de\/wp\/index.php?rest_route=%2Fwp%2Fv2%2Fmedia&parent=4248"}],"curies":[{"name":"wp","href":"https:\/\/api.w.org\/{rel}","templated":true}]}}